{"id":17709,"date":"2025-03-14T20:07:54","date_gmt":"2025-03-14T20:07:54","guid":{"rendered":"https:\/\/cogop.org\/events\/graduacion-del-seminario-espiritu-y-vida\/"},"modified":"2025-03-26T20:57:38","modified_gmt":"2025-03-26T20:57:38","slug":"graduacion-del-seminario-espiritu-y-vida","status":"publish","type":"ajde_events","link":"https:\/\/cogop.org\/es\/events\/graduacion-del-seminario-espiritu-y-vida\/","title":{"rendered":"Graduaci\u00f3n del Seminario Esp\u00edritu y Vida"},"content":{"rendered":"\n<p><\/p>\n\n\n\n<p><\/p>\n","protected":false},"author":4,"featured_media":15584,"menu_order":0,"comment_status":"open","ping_status":"closed","template":"","meta":{"_acf_changed":false,"_monsterinsights_skip_tracking":false,"_monsterinsights_sitenote_active":false,"_monsterinsights_sitenote_note":"","_monsterinsights_sitenote_category":0,"_uf_show_specific_survey":0,"_uf_disable_surveys":false},"tags":[199,200,201],"event_type":[],"event_type_2":[],"class_list":["post-17709","ajde_events","type-ajde_events","status-publish","has-post-thumbnail","hentry","tag-graduacion","tag-seminario-espiritu-y-vida","tag-comienzo"],"acf":[],"yoast_head":"<!-- This site is optimized with the Yoast SEO plugin v27.4 - https:\/\/yoast.com\/product\/yoast-seo-wordpress\/ -->\n<title>Graduaci\u00f3n del Seminario Esp\u00edritu y Vida | COGOP<\/title>\n<meta name=\"description\" content=\"El Seminario Esp\u00edritu y Vida celebrar\u00e1 su ceremonia de graduaci\u00f3n de primavera para la promoci\u00f3n de 2025. El orador ser\u00e1 el Dr. Shaun McKinley, Director Ejecutivo de Comunicaciones Globales de la Iglesia de Dios de la Profec\u00eda.\" \/>\n<meta name=\"robots\" content=\"index, follow, max-snippet:-1, max-image-preview:large, max-video-preview:-1\" \/>\n<link rel=\"canonical\" href=\"https:\/\/cogop.org\/es\/events\/graduacion-del-seminario-espiritu-y-vida\/\" \/>\n<meta property=\"og:locale\" content=\"es_ES\" \/>\n<meta property=\"og:type\" content=\"article\" \/>\n<meta property=\"og:title\" content=\"Graduaci\u00f3n del Seminario Esp\u00edritu y Vida | COGOP\" \/>\n<meta property=\"og:description\" content=\"El Seminario Esp\u00edritu y Vida celebrar\u00e1 su ceremonia de graduaci\u00f3n de primavera para la promoci\u00f3n de 2025. El orador ser\u00e1 el Dr. Shaun McKinley, Director Ejecutivo de Comunicaciones Globales de la Iglesia de Dios de la Profec\u00eda.\" \/>\n<meta property=\"og:url\" content=\"https:\/\/cogop.org\/es\/events\/graduacion-del-seminario-espiritu-y-vida\/\" \/>\n<meta property=\"og:site_name\" content=\"COGOP\" \/>\n<meta property=\"article:publisher\" content=\"https:\/\/www.facebook.com\/cogop\" \/>\n<meta property=\"article:modified_time\" content=\"2025-03-26T20:57:38+00:00\" \/>\n<meta property=\"og:image\" content=\"https:\/\/cogop.org\/wp-content\/uploads\/2025\/03\/447955361_990466826067465_5203534210425230757_n-1024x683.webp\" \/>\n\t<meta property=\"og:image:width\" content=\"1024\" \/>\n\t<meta property=\"og:image:height\" content=\"683\" \/>\n\t<meta property=\"og:image:type\" content=\"image\/webp\" \/>\n<meta name=\"twitter:card\" content=\"summary_large_image\" \/>\n<meta name=\"twitter:site\" content=\"@cogop\" \/>\n<meta name=\"twitter:label1\" content=\"Tiempo de lectura\" \/>\n\t<meta name=\"twitter:data1\" content=\"1 minuto\" \/>\n<script type=\"application\/ld+json\" class=\"yoast-schema-graph\">{\"@context\":\"https:\\\/\\\/schema.org\",\"@graph\":[{\"@type\":\"WebPage\",\"@id\":\"https:\\\/\\\/cogop.org\\\/es\\\/events\\\/graduacion-del-seminario-espiritu-y-vida\\\/\",\"url\":\"https:\\\/\\\/cogop.org\\\/es\\\/events\\\/graduacion-del-seminario-espiritu-y-vida\\\/\",\"name\":\"Graduaci\u00f3n del Seminario Esp\u00edritu y Vida | COGOP\",\"isPartOf\":{\"@id\":\"https:\\\/\\\/cogop.org\\\/#website\"},\"primaryImageOfPage\":{\"@id\":\"https:\\\/\\\/cogop.org\\\/es\\\/events\\\/graduacion-del-seminario-espiritu-y-vida\\\/#primaryimage\"},\"image\":{\"@id\":\"https:\\\/\\\/cogop.org\\\/es\\\/events\\\/graduacion-del-seminario-espiritu-y-vida\\\/#primaryimage\"},\"thumbnailUrl\":\"https:\\\/\\\/cogop.org\\\/wp-content\\\/uploads\\\/2025\\\/03\\\/447955361_990466826067465_5203534210425230757_n.webp\",\"datePublished\":\"2025-03-14T20:07:54+00:00\",\"dateModified\":\"2025-03-26T20:57:38+00:00\",\"description\":\"El Seminario Esp\u00edritu y Vida celebrar\u00e1 su ceremonia de graduaci\u00f3n de primavera para la promoci\u00f3n de 2025. El orador ser\u00e1 el Dr. Shaun McKinley, Director Ejecutivo de Comunicaciones Globales de la Iglesia de Dios de la Profec\u00eda.\",\"inLanguage\":\"es\",\"potentialAction\":[{\"@type\":\"ReadAction\",\"target\":[\"https:\\\/\\\/cogop.org\\\/es\\\/events\\\/graduacion-del-seminario-espiritu-y-vida\\\/\"]}]},{\"@type\":\"ImageObject\",\"inLanguage\":\"es\",\"@id\":\"https:\\\/\\\/cogop.org\\\/es\\\/events\\\/graduacion-del-seminario-espiritu-y-vida\\\/#primaryimage\",\"url\":\"https:\\\/\\\/cogop.org\\\/wp-content\\\/uploads\\\/2025\\\/03\\\/447955361_990466826067465_5203534210425230757_n.webp\",\"contentUrl\":\"https:\\\/\\\/cogop.org\\\/wp-content\\\/uploads\\\/2025\\\/03\\\/447955361_990466826067465_5203534210425230757_n.webp\",\"width\":2048,\"height\":1365},{\"@type\":\"BreadcrumbList\",\"@id\":\"https:\\\/\\\/cogop.org\\\/es\\\/events\\\/graduacion-del-seminario-espiritu-y-vida\\\/#breadcrumb\",\"itemListElement\":[{\"@type\":\"ListItem\",\"position\":1,\"name\":\"Home\",\"item\":\"https:\\\/\\\/cogop.org\\\/\"},{\"@type\":\"ListItem\",\"position\":2,\"name\":\"Events\",\"item\":\"https:\\\/\\\/cogop.org\\\/events\\\/\"},{\"@type\":\"ListItem\",\"position\":3,\"name\":\"Graduaci\u00f3n del Seminario Esp\u00edritu y Vida\"}]},{\"@type\":\"WebSite\",\"@id\":\"https:\\\/\\\/cogop.org\\\/#website\",\"url\":\"https:\\\/\\\/cogop.org\\\/\",\"name\":\"Church of God of Prophecy\",\"description\":\"Reconciling the World to Christ\",\"publisher\":{\"@id\":\"https:\\\/\\\/cogop.org\\\/#organization\"},\"alternateName\":\"COGOP\",\"potentialAction\":[{\"@type\":\"SearchAction\",\"target\":{\"@type\":\"EntryPoint\",\"urlTemplate\":\"https:\\\/\\\/cogop.org\\\/?s={search_term_string}\"},\"query-input\":{\"@type\":\"PropertyValueSpecification\",\"valueRequired\":true,\"valueName\":\"search_term_string\"}}],\"inLanguage\":\"es\"},{\"@type\":\"Organization\",\"@id\":\"https:\\\/\\\/cogop.org\\\/#organization\",\"name\":\"Church of God of Prophecy\",\"alternateName\":\"COGOP\",\"url\":\"https:\\\/\\\/cogop.org\\\/\",\"logo\":{\"@type\":\"ImageObject\",\"inLanguage\":\"es\",\"@id\":\"https:\\\/\\\/cogop.org\\\/#\\\/schema\\\/logo\\\/image\\\/\",\"url\":\"https:\\\/\\\/cogop.org\\\/wp-content\\\/uploads\\\/2025\\\/01\\\/logo-cogop.webp\",\"contentUrl\":\"https:\\\/\\\/cogop.org\\\/wp-content\\\/uploads\\\/2025\\\/01\\\/logo-cogop.webp\",\"width\":500,\"height\":118,\"caption\":\"Church of God of Prophecy\"},\"image\":{\"@id\":\"https:\\\/\\\/cogop.org\\\/#\\\/schema\\\/logo\\\/image\\\/\"},\"sameAs\":[\"https:\\\/\\\/www.facebook.com\\\/cogop\",\"https:\\\/\\\/x.com\\\/cogop\",\"https:\\\/\\\/www.instagram.com\\\/cogoppics\\\/\",\"https:\\\/\\\/www.youtube.com\\\/@COGOPMedia\",\"https:\\\/\\\/open.spotify.com\\\/user\\\/g1d13yyaprw0wrr2woer8edyp?si=a32b364b555f4d4d\"]}]}<\/script>\n<!-- \/ Yoast SEO plugin. -->","yoast_head_json":{"title":"Graduaci\u00f3n del Seminario Esp\u00edritu y Vida | COGOP","description":"El Seminario Esp\u00edritu y Vida celebrar\u00e1 su ceremonia de graduaci\u00f3n de primavera para la promoci\u00f3n de 2025. El orador ser\u00e1 el Dr. Shaun McKinley, Director Ejecutivo de Comunicaciones Globales de la Iglesia de Dios de la Profec\u00eda.","robots":{"index":"index","follow":"follow","max-snippet":"max-snippet:-1","max-image-preview":"max-image-preview:large","max-video-preview":"max-video-preview:-1"},"canonical":"https:\/\/cogop.org\/es\/events\/graduacion-del-seminario-espiritu-y-vida\/","og_locale":"es_ES","og_type":"article","og_title":"Graduaci\u00f3n del Seminario Esp\u00edritu y Vida | COGOP","og_description":"El Seminario Esp\u00edritu y Vida celebrar\u00e1 su ceremonia de graduaci\u00f3n de primavera para la promoci\u00f3n de 2025. El orador ser\u00e1 el Dr. Shaun McKinley, Director Ejecutivo de Comunicaciones Globales de la Iglesia de Dios de la Profec\u00eda.","og_url":"https:\/\/cogop.org\/es\/events\/graduacion-del-seminario-espiritu-y-vida\/","og_site_name":"COGOP","article_publisher":"https:\/\/www.facebook.com\/cogop","article_modified_time":"2025-03-26T20:57:38+00:00","og_image":[{"width":1024,"height":683,"url":"https:\/\/cogop.org\/wp-content\/uploads\/2025\/03\/447955361_990466826067465_5203534210425230757_n-1024x683.webp","type":"image\/webp"}],"twitter_card":"summary_large_image","twitter_site":"@cogop","twitter_misc":{"Tiempo de lectura":"1 minuto"},"schema":{"@context":"https:\/\/schema.org","@graph":[{"@type":"WebPage","@id":"https:\/\/cogop.org\/es\/events\/graduacion-del-seminario-espiritu-y-vida\/","url":"https:\/\/cogop.org\/es\/events\/graduacion-del-seminario-espiritu-y-vida\/","name":"Graduaci\u00f3n del Seminario Esp\u00edritu y Vida | COGOP","isPartOf":{"@id":"https:\/\/cogop.org\/#website"},"primaryImageOfPage":{"@id":"https:\/\/cogop.org\/es\/events\/graduacion-del-seminario-espiritu-y-vida\/#primaryimage"},"image":{"@id":"https:\/\/cogop.org\/es\/events\/graduacion-del-seminario-espiritu-y-vida\/#primaryimage"},"thumbnailUrl":"https:\/\/cogop.org\/wp-content\/uploads\/2025\/03\/447955361_990466826067465_5203534210425230757_n.webp","datePublished":"2025-03-14T20:07:54+00:00","dateModified":"2025-03-26T20:57:38+00:00","description":"El Seminario Esp\u00edritu y Vida celebrar\u00e1 su ceremonia de graduaci\u00f3n de primavera para la promoci\u00f3n de 2025. El orador ser\u00e1 el Dr. Shaun McKinley, Director Ejecutivo de Comunicaciones Globales de la Iglesia de Dios de la Profec\u00eda.","inLanguage":"es","potentialAction":[{"@type":"ReadAction","target":["https:\/\/cogop.org\/es\/events\/graduacion-del-seminario-espiritu-y-vida\/"]}]},{"@type":"ImageObject","inLanguage":"es","@id":"https:\/\/cogop.org\/es\/events\/graduacion-del-seminario-espiritu-y-vida\/#primaryimage","url":"https:\/\/cogop.org\/wp-content\/uploads\/2025\/03\/447955361_990466826067465_5203534210425230757_n.webp","contentUrl":"https:\/\/cogop.org\/wp-content\/uploads\/2025\/03\/447955361_990466826067465_5203534210425230757_n.webp","width":2048,"height":1365},{"@type":"BreadcrumbList","@id":"https:\/\/cogop.org\/es\/events\/graduacion-del-seminario-espiritu-y-vida\/#breadcrumb","itemListElement":[{"@type":"ListItem","position":1,"name":"Home","item":"https:\/\/cogop.org\/"},{"@type":"ListItem","position":2,"name":"Events","item":"https:\/\/cogop.org\/events\/"},{"@type":"ListItem","position":3,"name":"Graduaci\u00f3n del Seminario Esp\u00edritu y Vida"}]},{"@type":"WebSite","@id":"https:\/\/cogop.org\/#website","url":"https:\/\/cogop.org\/","name":"Church of God of Prophecy","description":"Reconciling the World to Christ","publisher":{"@id":"https:\/\/cogop.org\/#organization"},"alternateName":"COGOP","potentialAction":[{"@type":"SearchAction","target":{"@type":"EntryPoint","urlTemplate":"https:\/\/cogop.org\/?s={search_term_string}"},"query-input":{"@type":"PropertyValueSpecification","valueRequired":true,"valueName":"search_term_string"}}],"inLanguage":"es"},{"@type":"Organization","@id":"https:\/\/cogop.org\/#organization","name":"Church of God of Prophecy","alternateName":"COGOP","url":"https:\/\/cogop.org\/","logo":{"@type":"ImageObject","inLanguage":"es","@id":"https:\/\/cogop.org\/#\/schema\/logo\/image\/","url":"https:\/\/cogop.org\/wp-content\/uploads\/2025\/01\/logo-cogop.webp","contentUrl":"https:\/\/cogop.org\/wp-content\/uploads\/2025\/01\/logo-cogop.webp","width":500,"height":118,"caption":"Church of God of Prophecy"},"image":{"@id":"https:\/\/cogop.org\/#\/schema\/logo\/image\/"},"sameAs":["https:\/\/www.facebook.com\/cogop","https:\/\/x.com\/cogop","https:\/\/www.instagram.com\/cogoppics\/","https:\/\/www.youtube.com\/@COGOPMedia","https:\/\/open.spotify.com\/user\/g1d13yyaprw0wrr2woer8edyp?si=a32b364b555f4d4d"]}]}},"_links":{"self":[{"href":"https:\/\/cogop.org\/es\/wp-json\/wp\/v2\/ajde_events\/17709","targetHints":{"allow":["GET"]}}],"collection":[{"href":"https:\/\/cogop.org\/es\/wp-json\/wp\/v2\/ajde_events"}],"about":[{"href":"https:\/\/cogop.org\/es\/wp-json\/wp\/v2\/types\/ajde_events"}],"author":[{"embeddable":true,"href":"https:\/\/cogop.org\/es\/wp-json\/wp\/v2\/users\/4"}],"replies":[{"embeddable":true,"href":"https:\/\/cogop.org\/es\/wp-json\/wp\/v2\/comments?post=17709"}],"version-history":[{"count":0,"href":"https:\/\/cogop.org\/es\/wp-json\/wp\/v2\/ajde_events\/17709\/revisions"}],"wp:featuredmedia":[{"embeddable":true,"href":"https:\/\/cogop.org\/es\/wp-json\/wp\/v2\/media\/15584"}],"wp:attachment":[{"href":"https:\/\/cogop.org\/es\/wp-json\/wp\/v2\/media?parent=17709"}],"wp:term":[{"taxonomy":"post_tag","embeddable":true,"href":"https:\/\/cogop.org\/es\/wp-json\/wp\/v2\/tags?post=17709"},{"taxonomy":"event_type","embeddable":true,"href":"https:\/\/cogop.org\/es\/wp-json\/wp\/v2\/event_type?post=17709"},{"taxonomy":"event_type_2","embeddable":true,"href":"https:\/\/cogop.org\/es\/wp-json\/wp\/v2\/event_type_2?post=17709"}],"curies":[{"name":"wp","href":"https:\/\/api.w.org\/{rel}","templated":true}]}}